{"id":340582,"date":"2025-02-19T14:17:32","date_gmt":"2025-02-19T14:17:32","guid":{"rendered":"https:\/\/minddbe.mindd.dev\/english\/?page_id=340582"},"modified":"2025-03-20T09:58:24","modified_gmt":"2025-03-20T09:58:24","slug":"kullanim-sartlari","status":"publish","type":"page","link":"https:\/\/moetiknaardedokter.be\/tr\/kullanim-sartlari\/","title":{"rendered":"Kullan\u0131m \u015eartlar\u0131"},"content":{"rendered":"\n<div class=\"wp-block-group has-global-padding is-layout-constrained wp-block-group-is-layout-constrained\"><h1 class=\"has-text-align-center has-link-color alignwide wp-elements-7c86187bfe1c71d5e97aa1e9fc0c8fdf wp-block-post-title has-text-color has-color-brand-dark-blue-500-color\">Kullan\u0131m \u015eartlar\u0131<\/h1><\/div>\n\n\n\n<div class=\"wp-block-group has-global-padding is-layout-constrained wp-container-core-group-is-layout-12243e0f wp-block-group-is-layout-constrained\">\n<div class=\"wp-block-group has-global-padding is-layout-constrained wp-block-group-is-layout-constrained\">\n<div class=\"wp-block-group alignwide has-global-padding is-content-justification-left is-layout-constrained wp-container-core-group-is-layout-12dd3699 wp-block-group-is-layout-constrained\">\n<p><em><em>Bu kullan\u0131m ko\u015fullar\u0131 en son 03\/06\/2020 tarihinde de\u011fi\u015ftirilmi\u015ftir.<\/em><\/em><\/p>\n\n\n\n<p>Meddikal Cihaz Y\u00f6netmeli\u011fi&#8217;ne (MDR) uyumlulu\u011fumuz ve ilgili sertifikalar hakk\u0131nda daha fazla bilgi i\u00e7in l\u00fctfen bu <a href=\"#mdrlabel\">sayfan\u0131n alt\u0131ndaki MDR etiketine bak\u0131n\u0131z<\/a>.<\/p>\n\n\n\n<p>\u201cMoet ik naar de dokter?\u201d(\u201cDoktora gitmeli miyim?\u201d) a\u015fa\u011f\u0131daki durumlar i\u00e7in tasarlanm\u0131\u015ft\u0131r: herkes bazen doktora gitmenin gerekli olup olmad\u0131\u011f\u0131ndan \u015f\u00fcphe eder. \u0130nsanlar genellikle dikkatli olmakta ve yine de ararlar veya giderler. \u201cMoet ik naar de dokter?\u201d (\u201cDoktora gitmeli miyim?\u201d) yard\u0131m\u0131 ile. insanlar bir pratisyen hekime dan\u0131\u015fman\u0131n gerekli olup olmad\u0131\u011f\u0131na ve e\u011fer \u00f6yleyse, ne zaman gerekli oldu\u011funa kendileri karar verebilirler. \u201cMoet ik naar de dokter?\u201d(\u201cDoktora gitmeli miyim?\u201d) \u015fikayetleri gidermek i\u00e7in kendi ba\u015f\u0131n\u0131za neler yapabilece\u011finizi ve hangi durumlarda yine de doktora ba\u015fvurman\u0131z gerekti\u011fini belirtir.Sizin taraf\u0131n\u0131zdan sa\u011flanan bilgilere dayanan olu\u015fturulan tavsiye, pratisyen hekim veya doktor asistan\u0131 taraf\u0131ndan yap\u0131lan ki\u015fisel bir triyaj\u0131n yerini alamaz. \u015e\u00fcphe duydu\u011funuzda, daima doktorunuzu aray\u0131n.\u201cMoet ik naar de dokter?\u201d(\u201cDoktora gitmeli miyim?\u201d) kullan\u0131l\u0131rken a\u015fa\u011f\u0131daki ko\u015fullar ge\u00e7erlidir. \u201cMoet ik naar de dokter?\u201d(\u201cDoktora gitmeli miyim?\u201d) kullan\u0131m\u0131 ile ilgili herhangi bir sorunuz varsa, veya bu kullan\u0131m ko\u015fullar\u0131 i\u00e7in l\u00fctfen MINDD ile ileti\u015fime ge\u00e7in. \u0130leti\u015fim bilgilerimiz bu kullan\u0131m ko\u015fullar\u0131n\u0131n alt\u0131ndad\u0131r. Ayr\u0131ca Web Sitesinde \u201c\u0130leti\u015fim\u201d alt\u0131ndaki ileti\u015fim formundan veya Uygulamada \u201cBilgi\u201d sekmesi alt\u0131ndaki \u201cBize bildir\u201d d\u00fc\u011fmesinden de bizimle ileti\u015fime ge\u00e7ebilirsiniz.L\u00fctfen dikkat, \u201cMoet ik naar de dokter?\u201d(\u201cDoktora gitmeli miyim?\u201d) \u00fczerinden triyaj sonucu ile ilgili sorular\u0131n\u0131z varsa; veya bir doktora g\u00f6r\u00fcnmeniz gerekip gerekmedi\u011fi konusunda doktorunuzla veya pratisyen hekim merkezinden ileti\u015fime ge\u00e7meniz gerekti\u011fini l\u00fctfen not edin.<\/p>\n\n\n\n<h2 class=\"wp-block-heading\"><strong>1.&nbsp;TANIMLAR<\/strong><\/h2>\n\n\n\n<p>Kullan\u0131m Ko\u015fullar\u0131nda b\u00fcy\u00fck harfle yaz\u0131lan terimler a\u015fa\u011f\u0131daki anlamlara sahiptir:<\/p>\n\n\n\n<ol class=\"wp-block-list\">\n<li>Uygulama: IOS veya Android i\u015fletim sistemli mobil cihaz\u0131n\u0131zda \u201cMoet ik naar de dokter\u201d uygulamas\u0131n\u0131 kullan\u0131n.<\/li>\n\n\n\n<li>Veriler: Hizmetin sa\u011flanmas\u0131 i\u00e7in kullan\u0131lan sistemlerde taraf\u0131n\u0131zdan saklanan t\u00fcm veriler veya Hizmet arac\u0131l\u0131\u011f\u0131yla Sizin taraf\u0131n\u0131zdan olu\u015fturulan sonu\u00e7lar.<\/li>\n\n\n\n<li>Hizmet(ler): \u201cMoet ik naar de dokter?\u201d (\u201cDoktora gitmeli miyim?\u201d) hizmeti MINDD\u2019nin sizin ad\u0131n\u0131za sa\u011flayaca\u011f\u0131, birisinin doktora gitmesi gerekip gerekmedi\u011fi veya \u015fikayetler hakk\u0131nda zaten bir \u015feyler yap\u0131p yapamayaca\u011f\u0131 konusunda destek sunmaktan olu\u015fan. Hizmete Uygulama veya Web Sitesi arac\u0131l\u0131\u011f\u0131yla dan\u0131\u015f\u0131labilir.<\/li>\n\n\n\n<li>Siz: Siz, bir ger\u00e7ek veya t\u00fczel ki\u015fi, bir meslek veya i\u015fin icras\u0131nda hareket etsin veya etmesin ve Uygulamay\u0131 kullanan ki\u015fi.<\/li>\n\n\n\n<li>Kullan\u0131m Ko\u015fullar\u0131: bu h\u00fck\u00fcm ve ko\u015fullar.<\/li>\n\n\n\n<li>Fikri M\u00fclkiyet Haklar\u0131: Telif haklar\u0131, veritaban\u0131 haklar\u0131, alan adlar\u0131, ticari ad haklar\u0131, ticari marka haklar\u0131, tasar\u0131m haklar\u0131, kom\u015fu haklar, patent haklar\u0131 ve teknik bilgi haklar\u0131 dahil ancak bunlarla s\u0131n\u0131rl\u0131 olmamak \u00fczere haklar (fikri m\u00fclkiyet haklar\u0131).<\/li>\n\n\n\n<li>Taraf(lar): MINDD ve S\u0130Z birlikte veya ayr\u0131 ayr\u0131.<\/li>\n\n\n\n<li>az\u0131l\u0131 olarak: G\u00f6nderenin kimli\u011finin ve mesaj\u0131n b\u00fct\u00fcnl\u00fc\u011f\u00fcn\u00fcn yeterince tesis edilmesi ko\u015fuluyla, Kullan\u0131m Ko\u015fullar\u0131\u2019nda yaz\u0131l\u0131 olarak e-posta ile ileti\u015fimi de i\u00e7erir.<\/li>\n\n\n\n<li>Web sitesi: MINDD\u2019nin www.moetiknaardedokter.be veya ilgili alt alan adlar\u0131 \u00fczerinden eri\u015filebilen web sitesi.<\/li>\n<\/ol>\n\n\n\n<h2 class=\"wp-block-heading\"><strong>2. FORMASYON VE UYGULANAB\u0130L\u0130RL\u0130K<\/strong><\/h2>\n\n\n\n<ol class=\"wp-block-list\">\n<li>Hizmeti kullanarak, MINDD ile bir anla\u015fma yapm\u0131\u015f olursunuz.<\/li>\n\n\n\n<li>Kullan\u0131m Ko\u015fullar\u0131, bu s\u00f6zle\u015fme ve Hizmetin her t\u00fcrl\u00fc kullan\u0131m\u0131 i\u00e7in ge\u00e7erlidir. Kullan\u0131m Ko\u015fullar\u0131, s\u00f6zle\u015fmenin ayr\u0131lmaz bir par\u00e7as\u0131d\u0131r.<\/li>\n\n\n\n<li>Kullan\u0131m Ko\u015fullar\u0131, Hizmeti kullan\u0131rken y\u00fcr\u00fcrl\u00fc\u011fe girer ve daha sonra her durumda s\u00f6zle\u015fme s\u00fcresince y\u00fcr\u00fcrl\u00fckte kal\u0131r.<\/li>\n<\/ol>\n\n\n\n<h2 class=\"wp-block-heading\"><strong>3. KULLANIM HAKKI<\/strong><\/h2>\n\n\n\n<ol class=\"wp-block-list\">\n<li>MINDD, Hizmet\u2019i Kullan\u0131m Ko\u015fullar\u0131na uygun olarak kullanmak i\u00e7in s\u00f6zle\u015fme s\u00fcresi boyunca Size ki\u015fisel, geri al\u0131nabilir, m\u00fcnhas\u0131r olmayan, devredilemez, alt lisans\u0131 verilemeyen bir kullan\u0131m hakk\u0131 verir.<\/li>\n\n\n\n<li>Zorunlu yasa taraf\u0131ndan izin verilmedi\u011fi s\u00fcrece, Uygulaman\u0131n kaynak dosyalar\u0131na eri\u015fme hakk\u0131n\u0131z yoktur. Bu kaynak dosyalar\u0131n\u0131n tersine m\u00fchendislik, kaynak koda d\u00f6n\u00fc\u015ft\u00fcrme veya ba\u015fka yollarla al\u0131nmas\u0131na kesinlikle izin verilmemektedir.<\/li>\n\n\n\n<li>Hizmetin amac\u0131, insan sa\u011fl\u0131\u011f\u0131 ile ilgili bir hizmet sunmak, yani birinin doktora gitmesi gerekip gerekmedi\u011fi ve birinin \u015fikayetler hakk\u0131nda zaten bir \u015feyler yap\u0131p yapamayaca\u011f\u0131 se\u00e7imini desteklemektir.<\/li>\n\n\n\n<li>Dahil edilen \u015fartlar ve ko\u015fullara ek olarak, Apple\u2019\u0131n App Store\u2019u ve Google\u2019\u0131n Play Store\u2019u, Uygulamay\u0131 edinme, kullanma ve ilgili hususlara ili\u015fkin ko\u015fullar getirebilir.<\/li>\n\n\n\n<li>L\u00fctfen Apple\u2019\u0131n App Store, Google Play\u2019in Kullan\u0131m Ko\u015fullar\u0131na ve gizlilik bildirimine ve ilgili sa\u011flay\u0131c\u0131n\u0131n web sitesindeki ge\u00e7erli t\u00fcm h\u00fck\u00fcm ve ko\u015fullara bak\u0131n.<\/li>\n<\/ol>\n\n\n\n<h2 class=\"wp-block-heading\"><strong>4. H\u0130ZMET\u0130N K\u00d6T\u00dc KULLANIMI<\/strong><\/h2>\n\n\n\n<ol class=\"wp-block-list\">\n<li>Hizmeti kullanarak yasalar\u0131 ihlal etmeniz veya ba\u015fkalar\u0131n\u0131n haklar\u0131n\u0131 ihlal etmeniz yasakt\u0131r.<\/li>\n\n\n\n<li>MINDD\u2019nin g\u00f6r\u00fc\u015f\u00fcne g\u00f6re, \u00f6zellikle a\u015f\u0131r\u0131 e-posta veya di\u011fer verilerin g\u00f6nderilmesi nedeniyle Hizmetin ve daha \u00f6zel olarak Uygulaman\u0131n, Web Sitesinin veya ilgili bilgisayar sistemleri veya a\u011flar\u0131n\u0131n i\u015fleyi\u015fine engel, hasar veya ba\u015fka bir tehlike ortaya \u00e7\u0131karsa, vir\u00fcslerin, Truva atlar\u0131n\u0131n veya benzer yaz\u0131l\u0131mlar\u0131n korunan sistemleri veya faaliyetleri, MINDD bu tehlikeyi \u00f6nlemek veya \u00f6nlemek i\u00e7in makul olarak gerekli g\u00f6rd\u00fc\u011f\u00fc t\u00fcm \u00f6nlemleri alma hakk\u0131na sahiptir.<\/li>\n\n\n\n<li>MINDD, MINDD\u2019nin eri\u015fimi oldu\u011fu \u00f6l\u00e7\u00fcde, sizin haklar\u0131n\u0131 veya bu Kullan\u0131m Ko\u015fullar\u0131n\u0131 ihlal etti\u011finizden \u015fikayet eden \u00fc\u00e7\u00fcnc\u00fc bir tarafa Sizinle ilgili tan\u0131mlay\u0131c\u0131 bilgiler sa\u011flama hakk\u0131na sahiptir a. Kendi i\u00e7inde ele al\u0131nan ihlalin hukuka ayk\u0131r\u0131 ve \u00fc\u00e7\u00fcnc\u00fc ki\u015fiye zarar vermesinin yeterince makul olmas\u0131 \u015fart\u0131yla; b. \u00fc\u00e7\u00fcnc\u00fc taraf\u0131n verileri elde etmede ger\u00e7ek bir menfaati vard\u0131r; c. belirli bir durumda, verileri almak i\u00e7in daha az \u015fiddetli bir olas\u0131l\u0131\u011f\u0131n olmamas\u0131 akla yatk\u0131nd\u0131r; ve d. ilgili \u00e7\u0131karlar\u0131n dengelenmesi, \u00fc\u00e7\u00fcnc\u00fc taraf\u0131n \u00e7\u0131karlar\u0131n\u0131n \u00fcst\u00fcn olmas\u0131 gerekti\u011fi anlam\u0131na gelir.<\/li>\n<\/ol>\n\n\n\n<h2 class=\"wp-block-heading\"><strong>5. F\u0130KR\u0130 M\u00dcLK\u0130YET<\/strong><\/h2>\n\n\n\n<ol class=\"wp-block-list\">\n<li>Hizmete, beraberindeki yaz\u0131l\u0131ma ve ayr\u0131ca t\u00fcm bilgilere, de\u011fi\u015fikliklere, uzant\u0131lara ve resimlere ili\u015fkin t\u00fcm haklar MINDD veya lisans verenlerine aittir ve \u00f6yle kalacakt\u0131r. Yaln\u0131zca Kullan\u0131m Ko\u015fullar\u0131n\u0131n kapsam\u0131ndan do\u011fan veya Yaz\u0131l\u0131 olarak verilen kullan\u0131m haklar\u0131n\u0131 ve yetkileri al\u0131rs\u0131n\u0131z ve di\u011fer t\u00fcm a\u00e7\u0131lardan Hizmeti kullanamaz, \u00e7o\u011faltamaz veya if\u015fa edemezsiniz.<\/li>\n\n\n\n<li>Hizmet arac\u0131l\u0131\u011f\u0131yla saklad\u0131\u011f\u0131n\u0131z veya i\u015fledi\u011finiz veriler, Sizin m\u00fclkiyetinizdedir ve \u00f6yle kalacakt\u0131r. Bu nedenle Veriler \u00fczerindeki kontrol her zaman Size aittir. MINDD, gelecekteki y\u00f6nleri de dahil olmak \u00fczere bu bilgileri Hizmet i\u00e7in kullanma hakk\u0131na sahiptir.<\/li>\n\n\n\n<li>MINDD\u2019ye bilgi g\u00f6nderirseniz, \u00f6rne\u011fin bir hata hakk\u0131nda geri bildirim veya iyile\u015ftirme \u00f6nerisi g\u00f6nderirseniz, MINDD\u2019ye bu bilgileri s\u0131n\u0131rs\u0131z ve s\u00fcrekli kullanma hakk\u0131 verirsiniz. Bu, a\u00e7\u0131k\u00e7a gizli oldu\u011funu d\u00fc\u015f\u00fcnd\u00fc\u011f\u00fcn\u00fcz bilgiler i\u00e7in ge\u00e7erli de\u011fildir.<\/li>\n<\/ol>\n\n\n\n<h2 class=\"wp-block-heading\"><strong>6. TAZM\u0130NAT<\/strong><\/h2>\n\n\n\n<ol class=\"wp-block-list\">\n<li>Hizmetin kullan\u0131m\u0131 i\u00e7in MINDD\u2019ye herhangi bir \u00fccret \u00f6denmesi gerekmemektedir.<\/li>\n<\/ol>\n\n\n\n<h2 class=\"wp-block-heading\"><strong>7. G\u0130ZL\u0130L\u0130K VE TIBB\u0130 B\u0130LG\u0130LER<\/strong><\/h2>\n\n\n\n<ol class=\"wp-block-list\">\n<li>Ki\u015fisel veriler MINDD taraf\u0131ndan Hizmetlerinin ifas\u0131 s\u0131ras\u0131nda i\u015flendi\u011fi \u00f6l\u00e7\u00fcde, MINDD, i\u015fleme s\u0131ras\u0131nda gizlilik mevzuat\u0131n\u0131n gerekliliklerini dikkate alacakt\u0131r. MINDD\u2019nin ki\u015fisel verilerinizi nas\u0131l kulland\u0131\u011f\u0131na ili\u015fkin bilgiler, Web Sitesinde bulunabilecek gizlilik ve \u00e7erez bildiriminde bulunabilir.<\/li>\n\n\n\n<li>Hizmet hakk\u0131nda geri bildirimde bulunursan\u0131z, t\u0131bbi verileri g\u00f6nderme niyetiniz yoktur. MINDD, mahremiyetinize m\u00fcmk\u00fcn oldu\u011funca sayg\u0131 duymak ve sizden gelen t\u0131bbi ki\u015fisel verileri m\u00fcmk\u00fcn oldu\u011funca az i\u015flemek ve sizden gelen t\u0131bbi ki\u015fisel verileri i\u015flememek istemektedir. Bu nedenle, Servis arac\u0131l\u0131\u011f\u0131yla yap\u0131lan triyaj\u0131n sonucu veya bir doktora g\u00f6r\u00fcnmeniz gerekip gerekmedi\u011fi hakk\u0131nda herhangi bir sorunuz varsa, Hekiminizle veya Hekiminizin mesai saatleri d\u0131\u015f\u0131nda servisiyle ileti\u015fime ge\u00e7melisiniz.<\/li>\n<\/ol>\n\n\n\n<h2 class=\"wp-block-heading\"><strong>8. KULLANILAB\u0130L\u0130RL\u0130K, BAKIM VE G\u00dcNCELLEMELER<\/strong><\/h2>\n\n\n\n<ol class=\"wp-block-list\">\n<li>MINDD, Hizmeti kullan\u0131labilir durumda tutmak ve g\u00fcncellemeleri zaman\u0131nda sa\u011flamak i\u00e7in makul \u00e7abay\u0131 g\u00f6sterecektir, ancak bunun zaten kendi kontrol\u00fcnde oldu\u011fu \u00f6l\u00e7\u00fcde kesintisiz kullan\u0131labilirli\u011fi garanti etmez.<\/li>\n\n\n\n<li>MINDD, zaman zaman hatalar\u0131 d\u00fczeltebilecek veya Hizmetin i\u015fleyi\u015fini iyile\u015ftirebilecek g\u00fcncellemeler yay\u0131nlar. G\u00fcncellemeler Web Sitesinde otomatik olarak yap\u0131lacakt\u0131r. Uygulamadaki g\u00fcncellemeler Apple App Store veya Google Play Store\u2019da duyurulacakt\u0131r. MINDD, g\u00fcncellemelerin zaman\u0131nda ve do\u011fru uygulanmas\u0131ndan sorumlu de\u011fildir. MINDD, kurulmam\u0131\u015f bir g\u00fcncellemenin neden oldu\u011fu kusurlardan veya hatalardan kaynaklanan hasarlar i\u00e7in hi\u00e7bir sorumluluk kabul etmez.<\/li>\n\n\n\n<li>Bir g\u00fcncelleme, bu Kullan\u0131m Ko\u015fullar\u0131n\u0131n h\u00fck\u00fcmlerinden farkl\u0131 ko\u015fullar getirebilir. Bu her zaman \u00f6nceden bildirilir ve daha sonra farkl\u0131 ko\u015fullar\u0131 reddetme f\u0131rsat\u0131n\u0131z olur. Reddetme durumunda, sizinle MINDD aras\u0131ndaki anla\u015fma sona erecektir. B\u00f6yle bir g\u00fcncellemeyi kullanarak, daha sonra s\u00f6zle\u015fmenin bir par\u00e7as\u0131n\u0131 olu\u015fturacak olan farkl\u0131 h\u00fck\u00fcm ve ko\u015fullar\u0131 kabul etmi\u015f olursunuz.<\/li>\n\n\n\n<li>Hizmetin b\u00f6l\u00fcmlerinin mobil cihaz\u0131n\u0131zda de\u011fil de MINDD\u2019de \u00e7al\u0131\u015ft\u0131\u011f\u0131 \u00f6l\u00e7\u00fcde, MINDD, bak\u0131m, ayarlama veya iyile\u015ftirme amac\u0131yla Hizmeti veya par\u00e7alar\u0131n\u0131 ge\u00e7ici olarak devre d\u0131\u015f\u0131 b\u0131rakma hakk\u0131na sahiptir. MINDD, Hizmetin kullan\u0131m\u0131 m\u00fcmk\u00fcn oldu\u011fu kadar d\u00fc\u015f\u00fck oldu\u011funda m\u00fcmk\u00fcn oldu\u011fu kadar b\u00f6yle bir kapatmay\u0131 planlamaya \u00e7al\u0131\u015facak ve planlanm\u0131\u015f herhangi bir kapatma hakk\u0131nda Sizi zaman\u0131nda bilgilendirmek i\u00e7in her t\u00fcrl\u00fc \u00e7abay\u0131 g\u00f6sterecektir. Ancak, MINDD, bu t\u00fcr bir hizmetten \u00e7\u0131karma ile ba\u011flant\u0131l\u0131 olarak ortaya \u00e7\u0131kan zararlar i\u00e7in hi\u00e7bir zaman tazminat \u00f6demekle y\u00fck\u00fcml\u00fc de\u011fildir.<\/li>\n<\/ol>\n\n\n\n<h2 class=\"wp-block-heading\"><strong>9. DESTEK<\/strong><\/h2>\n\n\n\n<ol class=\"wp-block-list\">\n<li>Hizmetin kullan\u0131m\u0131ndan yaln\u0131zca siz sorumlusunuz.<\/li>\n\n\n\n<li>MINDD, Hizmetin kullan\u0131m\u0131 i\u00e7in destek sa\u011flamaz. Bununla birlikte, Web Sitesinde \u201c\u0130leti\u015fim\u201d alt\u0131ndaki ileti\u015fim formu, Uygulamada \u201cBilgi\u201d sekmesi alt\u0131ndaki \u201cBize Bildir\u201d d\u00fc\u011fmesi veya ileti\u015fim bilgilerimiz arac\u0131l\u0131\u011f\u0131yla soru sorabilirsiniz ve bunlar Kullan\u0131m Ko\u015fullar\u0131n\u0131n alt k\u0131sm\u0131ndad\u0131r. MINDD, sorular\u0131 makul bir s\u00fcre i\u00e7inde yan\u0131tlamak i\u00e7in her t\u00fcrl\u00fc \u00e7abay\u0131 g\u00f6sterecektir. Servis arac\u0131l\u0131\u011f\u0131yla yap\u0131lan triyaj\u0131n sonucu veya bir doktora g\u00f6r\u00fcnmeniz gerekip gerekmedi\u011fiyle ilgili herhangi bir sorunuz varsa, hekiminizle veya genel hekimlik merkezinden ileti\u015fime ge\u00e7meniz gerekti\u011fini l\u00fctfen unutmay\u0131n.<\/li>\n\n\n\n<li>MINDD, Hizmetle ilgili \u015fikayetleri ve raporlar\u0131 \u00e7ok ciddiye al\u0131r. G\u00f6r\u00fc\u015f ve \u015fikayetlerinizi her zaman Web Sitesinde \u201c\u0130leti\u015fim\u201d b\u00f6l\u00fcm\u00fcndeki ileti\u015fim formundan, Uygulamada \u201cBilgi\u201d sekmesindeki \u201cBize haber verin\u201d butonundan veya ileti\u015fim bilgilerimiz arac\u0131l\u0131\u011f\u0131yla iletebilirsiniz; bunlar Kullan\u0131m Ko\u015fullar\u0131n\u0131n alt k\u0131sm\u0131ndad\u0131r.<\/li>\n\n\n\n<li>Bir sorun, yanl\u0131\u015f veya eksik veri tespit ederseniz, bunu ayr\u0131ca, Web Sitesinde \u201c\u0130leti\u015fim\u201d alt\u0131ndaki ileti\u015fim formu arac\u0131l\u0131\u011f\u0131yla, Uygulaman\u0131n \u201cBilgi\u201d sekmesi alt\u0131ndaki \u201cBize Bildir\u201d d\u00fc\u011fmesi arac\u0131l\u0131\u011f\u0131yla veya ileti\u015fim bilgilerimiz arac\u0131l\u0131\u011f\u0131yla do\u011frudan bildirebilirsiniz; bunlar Kullan\u0131m Ko\u015fullar\u0131n\u0131n alt k\u0131sm\u0131ndad\u0131r.<\/li>\n<\/ol>\n\n\n\n<h2 class=\"wp-block-heading\"><strong>10. GARANT\u0130LER VE Y\u00dcK\u00dcML\u00dcL\u00dcK<\/strong><\/h2>\n\n\n\n<ol class=\"wp-block-list\">\n<li>AVRUPA PARLAMENTOSU VE KONSEY\u0130 2017\/745 Y\u00d6NETMEL\u0130\u011e\u0130 (AB) 5 Nisan 2017\u2019de tan\u0131mland\u0131\u011f\u0131 \u00fczere t\u0131bbi cihaz, \u00fcretici taraf\u0131ndan bir veya daha fazla \u00f6zel t\u0131bbi ama\u00e7 i\u00e7in tek ba\u015f\u0131na veya insanlarda kombinasyon halinde kullan\u0131lmas\u0131 ama\u00e7lanan bir alet, ayg\u0131t veya cihaz, yaz\u0131l\u0131m, implant, reaktif, malzeme veya ba\u015fka bir \u00f6\u011fedir. Hizmet b\u00f6yle bir t\u0131bbi cihazd\u0131r.<\/li>\n\n\n\n<li>Kanuna g\u00f6re t\u0131bbi cihazlarla ilgili \u00f6zel kurallar ge\u00e7erlidir. \u00d6rne\u011fin CE i\u015fareti almak zorunludur. CE i\u015fareti, \u00fcr\u00fcn\u00fcn ge\u00e7erli t\u00fcm Avrupa (g\u00fcvenlik) y\u00f6netmeliklerine uygun oldu\u011funu ve uygunluk ve uygunluk prosed\u00fcrlerinin tamamland\u0131\u011f\u0131n\u0131 g\u00f6sterir. Hizmet, gerekli CE i\u015faretine sahiptir.<\/li>\n\n\n\n<li>Hizmet t\u0131bbi bir cihaz olarak nitelendirildi\u011finden, MINDD di\u011fer \u015feylerin yan\u0131 s\u0131ra: a. Hizmetin ama\u00e7lanan amac\u0131, g\u00fcvenli\u011fi ve performans\u0131 konusunda Sizi yan\u0131ltabilecek, mecazi veya ba\u015fka t\u00fcrl\u00fc metin, ad, marka, resim ve di\u011fer i\u015faretleri kullanmay\u0131n. Yine de bir \u00f6nceki c\u00fcmlenin h\u00fck\u00fcmlerini ya\u015f\u0131yorsan\u0131z, MINDD ile Web Sitesinde \u201c\u0130leti\u015fim\u201d alt\u0131ndaki ileti\u015fim formu, Uygulamada \u201cBilgi\u201d sekmesi alt\u0131ndaki \u201cBize haber ver\u201d d\u00fc\u011fmesi veya bu Kullan\u0131m Ko\u015fullar\u0131n\u0131n alt k\u0131sm\u0131ndaki ileti\u015fim bilgileri arac\u0131l\u0131\u011f\u0131yla ula\u015fabilirsiniz. b. MINDD, Hizmetle ilgili \u015f\u00fcpheli olaylar hakk\u0131ndaki \u015fikayetlerinizi veya raporlar\u0131n\u0131z\u0131 \u00e7ok ciddiye alacak ve herhangi bir \u015fikayetin kayd\u0131n\u0131 tutacakt\u0131r. \u015eikayetlerin ele al\u0131nmas\u0131yla ilgili 9. maddeye de bak\u0131n\u0131z.<\/li>\n\n\n\n<li>Ancak, taraf\u0131n\u0131zca sa\u011flanan bilgilere dayal\u0131 olarak olu\u015fturulan tavsiyenin, pratisyen hekim veya doktor asistan\u0131 taraf\u0131ndan yap\u0131lan ki\u015fisel bir triyaj\u0131n yerini almamas\u0131 s\u00f6z konusudur. Hizmetin sonu\u00e7lar\u0131n\u0131 kabul etmiyorsan\u0131z, l\u00fctfen do\u011fru oldu\u011funu d\u00fc\u015f\u00fcnd\u00fc\u011f\u00fcn\u00fcz \u015feyi yap\u0131n. Hizmet, \u00f6nceki noktalarda belirtilen protokollere ve standartlara dayanmaktad\u0131r, ki\u015fisel durum bundan farkl\u0131 olabilir. Sa\u011flanan bilgilere ve olu\u015fturulan tavsiyelere dayanarak verdi\u011finiz kararlar, her zaman masraflar\u0131 ve riski size aittir.<\/li>\n\n\n\n<li>Hizmet arac\u0131l\u0131\u011f\u0131yla sa\u011flanan bilgiler, yaln\u0131zca GP\u2019nizle ileti\u015fime ge\u00e7meniz gerekip gerekmedi\u011fine ili\u015fkin bir ilk de\u011ferlendirme i\u015flevi g\u00f6r\u00fcr.<\/li>\n\n\n\n<li>MINDD, g\u00fcvenilir oldu\u011funa inan\u0131lan kaynaklardan do\u011fru, eksiksiz ve g\u00fcncel bilgiler sa\u011flamak i\u00e7in her t\u00fcrl\u00fc \u00e7abay\u0131 g\u00f6sterse de, MINDD, sa\u011flanan bilgilerin do\u011fru, eksiksiz veya g\u00fcncel oldu\u011funa dair a\u00e7\u0131k veya z\u0131mni herhangi bir garanti vermez.<\/li>\n\n\n\n<li>Bilgiler \u00f6zellikle Hollanda halk\u0131na y\u00f6neliktir. MINDD, Hollanda\u2019dan gelen bilgileri y\u00f6netir ve muhafaza eder ve sa\u011flanan bilgilerin ba\u015fka \u00fclkelerde de kullan\u0131ma uygun veya mevcut oldu\u011funu garanti etmez.<\/li>\n\n\n\n<li>MINDD, Hizmetle ba\u011flant\u0131l\u0131 herhangi bir hasardan hi\u00e7bir \u015fekilde sorumlu de\u011fildir.<\/li>\n\n\n\n<li>Bu maddedeki sorumluluk istisnalar\u0131, yaln\u0131zca bir meslek veya i\u015fletmeyi icra eden ger\u00e7ek veya t\u00fczel ki\u015fi iseniz ge\u00e7erlidir.<\/li>\n\n\n\n<li>Kullan\u0131m Ko\u015fullar\u0131nda yer alan sorumluluk s\u0131n\u0131rlamalar\u0131, MINDD\u2019nin y\u00f6netim kurulu veya y\u00f6netimi ad\u0131na kas\u0131tl\u0131 veya kas\u0131tl\u0131 pervas\u0131zl\u0131ktan kaynaklanan hasar veya \u00f6l\u00fcm veya ki\u015fisel yaralanmadan kaynaklanan hasar durumunda ge\u00e7erli de\u011fildir.<\/li>\n\n\n\n<li>MINDD, Hizmete girdi\u011finiz verilerden sorumlu de\u011fildir.<\/li>\n<\/ol>\n\n\n\n<h2 class=\"wp-block-heading\"><strong>11. S\u00dcRE VE \u0130PTAL<\/strong><\/h2>\n\n\n\n<ol class=\"wp-block-list\">\n<li>Hizmetin kullan\u0131m\u0131na son vererek s\u00f6zle\u015fmeyi ve dolay\u0131s\u0131yla kullan\u0131m hakk\u0131n\u0131 istedi\u011finiz zaman feshedebilirsiniz.<\/li>\n\n\n\n<li>Hizmetin kullan\u0131m\u0131 Siz veya MINDD taraf\u0131ndan herhangi bir zamanda sonland\u0131r\u0131labilir. Bu, sizin i\u00e7in \u00fccretsiz oldu\u011fu i\u00e7in makuld\u00fcr.<\/li>\n\n\n\n<li>S\u00f6zle\u015fmenin feshi \u00fczerine (herhangi bir nedenle), Hizmetin t\u00fcm kullan\u0131m\u0131n\u0131 durdurmal\u0131 ve durdurmal\u0131s\u0131n\u0131z. Ard\u0131ndan Hizmetin t\u00fcm kopyalar\u0131n\u0131 (yedek kopyalar dahil) t\u00fcm sistemlerinizden silmelisiniz.<\/li>\n<\/ol>\n\n\n\n<h2 class=\"wp-block-heading\"><strong>12. G\u0130ZL\u0130L\u0130K<\/strong><\/h2>\n\n\n\n<ol class=\"wp-block-list\">\n<li>Taraflar, Hizmeti kullan\u0131rken birbirlerine sa\u011flad\u0131klar\u0131 bilgileri, bu bilgiler gizli olarak i\u015faretlenmi\u015fse veya alan taraf, bilgilerin gizli olarak tasarland\u0131\u011f\u0131n\u0131 biliyorsa veya makul olarak \u015f\u00fcpheleniyorsa, gizli olarak ele alacaklard\u0131r.<\/li>\n\n\n\n<li>MINDD, Hizmet arac\u0131l\u0131\u011f\u0131yla saklad\u0131\u011f\u0131n\u0131z ve\/veya da\u011f\u0131tt\u0131\u011f\u0131n\u0131z \u00f6zel verileri, iyi bir hizmet i\u00e7in gerekli olmad\u0131k\u00e7a veya MINDD\u2019nin yasal bir h\u00fck\u00fcm uyar\u0131nca bunu yapmakla y\u00fck\u00fcml\u00fc olmad\u0131\u011f\u0131 durumlar d\u0131\u015f\u0131nda kabul etmeyecek (ve \u00e7o\u011fu durumda kabul etmeyecektir). Bununla ilgili daha fazla bilgiyi gizlilik ve \u00e7erez bildiriminde bulabilirsiniz.<\/li>\n<\/ol>\n\n\n\n<h2 class=\"wp-block-heading\"><strong>13. KULLANIM \u015eARTLARININ DE\u011e\u0130\u015e\u0130KL\u0130\u011e\u0130<\/strong><\/h2>\n\n\n\n<ol class=\"wp-block-list\">\n<li>Bu Kullan\u0131m Ko\u015fullar\u0131 de\u011fi\u015ftirilebilir.<\/li>\n\n\n\n<li>MINDD, de\u011fi\u015fiklikleri veya eklemeleri, bunlar\u0131 not alabilmeniz i\u00e7in y\u00fcr\u00fcrl\u00fc\u011fe girmeden en az (30) takvim g\u00fcn\u00fc \u00f6nce duyurur.<\/li>\n\n\n\n<li>Bir de\u011fi\u015fikli\u011fi veya ilaveyi kabul etmek istemiyorsan\u0131z, Hizmeti art\u0131k kullanmayarak ge\u00e7erlilik tarihine kadar kullan\u0131m hakk\u0131n\u0131 iptal edebilirsiniz. Hizmetin y\u00fcr\u00fcrl\u00fck tarihinden sonra kullan\u0131lmas\u0131, de\u011fi\u015ftirilen veya eklenen h\u00fck\u00fcm ve ko\u015fullar\u0131n kabul edildi\u011fi anlam\u0131na gelir.<\/li>\n<\/ol>\n\n\n\n<h2 class=\"wp-block-heading\"><strong>14 D\u0130\u011eER H\u00dcK\u00dcMLER<\/strong><\/h2>\n\n\n\n<ol class=\"wp-block-list\">\n<li>Hizmet, Hollanda\u2019daki\/Hollanda\u2019dan gelen ki\u015filere ve Hollanda\u2019da bir doktora g\u00f6r\u00fcnmeniz gerekip gerekmedi\u011fini belirlemeye y\u00f6neliktir. Hizmet, Hollanda sa\u011fl\u0131k hizmetleri i\u00e7in ge\u00e7erli olan kaynaklara ve protokollere dayanmaktad\u0131r. Bununla ilgili daha fazla bilgiyi 10. maddeden okuyun. Yukar\u0131da belirtilen kaynaklar ve protokoller \u00fclkeden \u00fclkeye farkl\u0131l\u0131k g\u00f6sterebilir. Yukar\u0131dakilerin aksine, yine de Hizmeti kullanmaya karar verirseniz, Hizmet \u00fclkenizde ge\u00e7erli olan bak\u0131m protokollerine ve bak\u0131m ba\u011flam\u0131nda bilgi kaynaklar\u0131 gereksinimlerine uymayabilece\u011finden, bunun riski size aittir.<\/li>\n\n\n\n<li>Hollanda hukuku, emredici hukuk h\u00fck\u00fcmleriyle \u00e7eli\u015fmedi\u011fi s\u00fcrece, kullan\u0131m ve dayand\u0131\u011f\u0131 s\u00f6zle\u015fme i\u00e7in ge\u00e7erlidir.<\/li>\n<\/ol>\n\n\n\n<h2 class=\"wp-block-heading\"><strong>15. SA\u011eLIK TAVS\u0130YELER\u0130N\u0130N KAYNAKLARI<\/strong><\/h2>\n\n\n\n<ol class=\"wp-block-list\">\n<li>Bu web sitesinde ve widget&#8217;\u0131m\u0131z arac\u0131l\u0131\u011f\u0131yla sa\u011flanan sa\u011fl\u0131k tavsiyeleri, a\u015fa\u011f\u0131dakiler dahil ancak bunlarla s\u0131n\u0131rl\u0131 olmamak \u00fczere g\u00fcvenilir ve sayg\u0131n kaynaklardan al\u0131nan bilgilere dayanmaktad\u0131r:&nbsp;<\/li>\n\n\n\n<li>Tavsiyeler, Hollanda Aile Hekimleri Derne\u011fi (Nederlands Huisartsen Genootschap &#8211; NHG) ve Hollanda Triyaj Standard\u0131 (Nederlandse Triage Standaard &#8211; NTS) y\u00f6nergelerine dayanmakta olup, t\u0131p uzmanlar\u0131 ve uzmanlar taraf\u0131ndan hastalar i\u00e7in anla\u015f\u0131l\u0131r bir dilde do\u011frulanm\u0131\u015ft\u0131r.<\/li>\n<\/ol>\n\n\n\n<p><strong>YASAL UYARI<\/strong>&nbsp;<\/p>\n\n\n\n<p>Bu \u00e7eviri k\u0131smen yapay zeka kullan\u0131larak olu\u015fturulmu\u015ftur. Maksimum do\u011frulu\u011fu hedeflememize ra\u011fmen, \u00e7eviri hatalar\u0131 veya anlam farkl\u0131l\u0131klar\u0131 olabilir. \u015e\u00fcphe durumunda Hollandaca metin ge\u00e7erlidir.&nbsp;<\/p>\n\n\n\n<h2 class=\"wp-block-heading\"><strong>\u0130leti\u015fim bilgileri<\/strong><\/h2>\n\n\n\n<p>MINDD B.V.<br>Prins Willem-Alexanderlaan 705<br>7311 ST Apeldoorn<br>KvK numaras\u0131: 55280021<br>E-posta:&nbsp;<a href=\"mailto:fg@moetiknaardedokter.be\">fg@moetiknaardedokter.be<\/a><br>Telefon:&nbsp;<a href=\"tel:085 130 4720\">085 130 4720 &nbsp;<\/a><\/p>\n\n\n\n<figure class=\"wp-block-image size-large\" id=\"mdrlabel\"><img loading=\"lazy\" decoding=\"async\" width=\"1024\" height=\"838\" src=\"https:\/\/moetiknaardedokter.be\/tr\/wp-content\/uploads\/sites\/8\/2025\/03\/MDR-Label-Export-1024x838.png\" alt=\"\" class=\"wp-image-340647\" srcset=\"https:\/\/moetiknaardedokter.be\/tr\/wp-content\/uploads\/sites\/8\/2025\/03\/MDR-Label-Export-1024x838.png 1024w, https:\/\/moetiknaardedokter.be\/tr\/wp-content\/uploads\/sites\/8\/2025\/03\/MDR-Label-Export-300x245.png 300w, https:\/\/moetiknaardedokter.be\/tr\/wp-content\/uploads\/sites\/8\/2025\/03\/MDR-Label-Export-768x628.png 768w, https:\/\/moetiknaardedokter.be\/tr\/wp-content\/uploads\/sites\/8\/2025\/03\/MDR-Label-Export.png 1100w\" sizes=\"auto, (max-width: 1024px) 100vw, 1024px\" \/><\/figure>\n<\/div>\n<\/div>\n<\/div>\n","protected":false},"excerpt":{"rendered":"<p>Bu kullan\u0131m ko\u015fullar\u0131 en son 03\/06\/2020 tarihinde de\u011fi\u015ftirilmi\u015ftir. Meddikal Cihaz Y\u00f6netmeli\u011fi&#8217;ne (MDR) uyumlulu\u011fumuz ve ilgili sertifikalar hakk\u0131nda daha fazla bilgi i\u00e7in l\u00fctfen bu sayfan\u0131n alt\u0131ndaki MDR etiketine bak\u0131n\u0131z. \u201cMoet ik naar de dokter?\u201d(\u201cDoktora gitmeli miyim?\u201d) a\u015fa\u011f\u0131daki durumlar i\u00e7in tasarlanm\u0131\u015ft\u0131r: herkes bazen doktora gitmenin gerekli olup olmad\u0131\u011f\u0131ndan \u015f\u00fcphe eder. \u0130nsanlar genellikle dikkatli olmakta ve yine de [&hellip;]<\/p>\n","protected":false},"author":1,"featured_media":0,"parent":0,"menu_order":0,"comment_status":"closed","ping_status":"closed","template":"","meta":{"_acf_changed":false,"_trash_the_other_posts":false,"editor_notices":[],"footnotes":""},"class_list":["post-340582","page","type-page","status-publish","hentry"],"acf":[],"mb":[],"mfb_rest_fields":["title"],"_links":{"self":[{"href":"https:\/\/moetiknaardedokter.be\/tr\/wp-json\/wp\/v2\/pages\/340582","targetHints":{"allow":["GET"]}}],"collection":[{"href":"https:\/\/moetiknaardedokter.be\/tr\/wp-json\/wp\/v2\/pages"}],"about":[{"href":"https:\/\/moetiknaardedokter.be\/tr\/wp-json\/wp\/v2\/types\/page"}],"author":[{"embeddable":true,"href":"https:\/\/moetiknaardedokter.be\/tr\/wp-json\/wp\/v2\/users\/1"}],"replies":[{"embeddable":true,"href":"https:\/\/moetiknaardedokter.be\/tr\/wp-json\/wp\/v2\/comments?post=340582"}],"version-history":[{"count":5,"href":"https:\/\/moetiknaardedokter.be\/tr\/wp-json\/wp\/v2\/pages\/340582\/revisions"}],"predecessor-version":[{"id":340648,"href":"https:\/\/moetiknaardedokter.be\/tr\/wp-json\/wp\/v2\/pages\/340582\/revisions\/340648"}],"wp:attachment":[{"href":"https:\/\/moetiknaardedokter.be\/tr\/wp-json\/wp\/v2\/media?parent=340582"}],"curies":[{"name":"wp","href":"https:\/\/api.w.org\/{rel}","templated":true}]}}